{"id":2222,"date":"2024-04-02T21:25:24","date_gmt":"2024-04-02T20:25:24","guid":{"rendered":"https:\/\/aretsnybyggare.se\/?page_id=2222"},"modified":"2025-02-28T06:08:57","modified_gmt":"2025-02-28T06:08:57","slug":"integritetspolicy","status":"publish","type":"page","link":"https:\/\/aretsnybyggare.se\/sv\/integritetspolicy\/","title":{"rendered":"Integritetspolicy"},"content":{"rendered":"<div style=\"height:150px\" aria-hidden=\"true\" class=\"wp-block-spacer\"><\/div>\n\n\n\n<h5 class=\"wp-block-heading\"><strong>Integritetspolicy<\/strong><\/h5>\n\n\n\n<p>Stiftelsen Internationella F\u00f6retagare i Sverige (\u201dStiftelsen IFS\u201d, \u201dvi\u201d eller \u201doss\u201d) behandlar personuppgifter om dig som skickar in en nominering till \u00c5rets Nybyggare, om dig som blir nominerad till \u00c5rets Nybyggare och om dig som \u00e4r anh\u00f6rig till en person som har blivit nominerad till \u00c5rets Nybyggare. Stiftelsen IFS \u00e4r sj\u00e4lvst\u00e4ndigt personuppgiftsansvarig f\u00f6r behandlingen av dina personuppgifter.<\/p>\n\n\n\n<p>Stiftelsen IFS v\u00e4rnar om din personliga integritet. Denna integritetspolicy f\u00f6rklarar hur och varf\u00f6r<br>Stiftelsen IFS samlar in och anv\u00e4nder dina personuppgifter. Policyn beskriver ocks\u00e5 vilka r\u00e4ttigheter<br>du har under till\u00e4mplig dataskyddslagstiftning och hur du kan g\u00f6ra dina r\u00e4ttigheter g\u00e4llande.<\/p>\n\n\n\n<h5 class=\"wp-block-heading\"><strong>Behandling av uppgifter om dig som har skickat in en nominering till \u00c5rets Nybyggare<\/strong><\/h5>\n\n\n\n<p>Om du har skickat in en nominering till \u00c5rets Nybyggare kommer Stiftelsen IFS att behandla de<br>personuppgifter om namn, e-postadress, telefonnummer, din motivering till nomineringen och din<br>relation till den nominerade som du tillhandah\u00e5ller om dig i samband med att du skickar in en<br>nominering.<\/p>\n\n\n\n<p>\u00c4ndam\u00e5let med behandlingen av personuppgifterna \u00e4r att m\u00f6jligg\u00f6ra f\u00f6r Stiftelsen IFS att ta emot och behandla nomineringar och att kunna skicka ett mejl till dig med en bekr\u00e4ftelse p\u00e5 att vi har tagit emot din nominering. Behandlingen av personuppgifterna baseras p\u00e5 Stiftelsen IFS:s ber\u00e4ttigade intresse av att samla in och administrera nomineringarna till priset \u00c5rets Nybyggare, att kontrollera att samtliga nomineringar \u00e4r korrekta och uppfyller kraven f\u00f6r nomineringsprocessen och att kunna bekr\u00e4fta f\u00f6r dig att vi har mottagit din nominering.*<\/p>\n\n\n\n<p>Dina personuppgifter kommer endast att behandlas f\u00f6r de ovan angivna \u00e4ndam\u00e5len. D\u00e4refter, och<br>aldrig senare \u00e4n n\u00e4r processen f\u00f6r att utse \u00c5rets Nybyggare har avslutats, kommer dina<br>personuppgifter att raderas.<\/p>\n\n\n\n<p>* N\u00e4r v\u00e5r behandling sker f\u00f6r \u00e4ndam\u00e5l som r\u00f6r Stiftelsen IFS:s ber\u00e4ttigade intressen har vi gjort bed\u00f6mningen att behandlingen \u00e4r n\u00f6dv\u00e4ndig och att dina intressen och\/eller r\u00e4ttigheter och friheter inte v\u00e4ger tyngre \u00e4n v\u00e5rt ber\u00e4ttigade intresse. Om du vill ta del av v\u00e5r bed\u00f6mning av v\u00e5rt ber\u00e4ttigade intresse kan du kontakta oss p\u00e5&nbsp;<a href=\"mailto:info@aretsnybyggare.se\">info@aretsnybyggare.se<\/a>.<\/p>\n\n\n\n<h5 class=\"wp-block-heading\"><strong>Behandling av uppgifter om dig som har blivit nominerad till \u00c5rets Nybyggare<\/strong><br><\/h5>\n\n\n\n<p style=\"text-decoration:underline\">Behandling av uppgifter f\u00f6r att ta emot nomineringar till \u00c5rets Nybyggare<\/p>\n\n\n\n<p>Om n\u00e5gon har nominerat dig till \u00c5rets Nybyggare kommer Stiftelsen IFS att behandla de personuppgifter om namn, telefonnummer, e-postadress, information om det f\u00f6retag som du \u00e4r verksam i, egenskaper om dig som framkommer i motiveringen av dig och information om din relation till den som nominerar dig tillhandah\u00e5ller i samband med att nomineringen skickas in.<\/p>\n\n\n\n<p>\u00c4ndam\u00e5let med behandlingen av personuppgifterna \u00e4r att m\u00f6jligg\u00f6ra f\u00f6r Stiftelsen IFS att ta emot och behandla nomineringar, administrera nomineringsprocessen, kontrollera att du uppfyller kriterierna f\u00f6r nomineringsprocessen och f\u00f6r att informera dig om att du har blivit nominerad. Behandlingen av personuppgifterna baseras p\u00e5 Stiftelsen IFS:s ber\u00e4ttigade intresse av att ta emot och behandla nomineringar, administrera nomineringsprocessen, kontrollera att du uppfyller kriterierna f\u00f6r nomineringsprocessen och informera dig om att du har blivit nominerad.*<\/p>\n\n\n\n<p>Efter att du har blivit nominerad kommer du att bli ombedd att l\u00e4mna kompletterande information till oss. Om du v\u00e4ljer att inte l\u00e4mna s\u00e5dan kompletterande information kommer vi inte att behandla n\u00e5gra ytterligare personuppgifter om dig och du kommer inte att kvarst\u00e5 som kandidat till \u00c5rets Nybyggare. Vi kommer i s\u00e5dana fall \u00e4ven att radera de personuppgifter som vi har samlat in om dig. Om du v\u00e4ljer att l\u00e4mna kompletterande information till oss kommer vi att forts\u00e4tta behandla de personuppgifter som vi har samlat in om dig och behandla de ytterligare personuppgifter om dig som du tillhandah\u00e5ller oss i enlighet med rubriken nedan.<\/p>\n\n\n\n<p>* N\u00e4r v\u00e5r behandling sker f\u00f6r \u00e4ndam\u00e5l som r\u00f6r Stiftelsen IFS:s ber\u00e4ttigade intressen har vi gjort bed\u00f6mningen att behandlingen \u00e4r n\u00f6dv\u00e4ndig och att dina intressen och\/eller r\u00e4ttigheter och friheter inte v\u00e4ger tyngre \u00e4n v\u00e5rt ber\u00e4ttigade intresse. Om du vill ta del av v\u00e5r bed\u00f6mning av v\u00e5rt ber\u00e4ttigade intresse kan du kontakta oss p\u00e5&nbsp;<a href=\"mailto:info@aretsnybyggare.se\">info@aretsnybyggare.se<\/a>.<\/p>\n\n\n\n<p style=\"text-decoration:underline\">Behandling av uppgifter f\u00f6r att utse kandidater till \u00c5rets Nybyggare<\/p>\n\n\n\n<p>Om du v\u00e4ljer att g\u00e5 vidare och delta i v\u00e5r process f\u00f6r att utse kandidater till \u00c5rets Nybyggare genom att l\u00e4mna kompletterande information till oss kommer vi att behandla de personuppgifter som du tillhandah\u00e5ller oss om namn, personnummer, k\u00f6n, adress, huruvida du \u00e4r f\u00f6dd i Sverige, din position p\u00e5 och \u00e4gande i ditt f\u00f6retag, vilken bransch du \u00e4r verksam i och din utbildning och utbildningsland. Vi kommer \u00e4ven att behandla de uppgifter som du tillhandah\u00e5ller oss om varf\u00f6r du startade ditt nuvarande f\u00f6retag, vilka dina m\u00e5l med f\u00f6retaget \u00e4r, vilka utmaningar som du har st\u00f6tt p\u00e5 och vad du har l\u00e4rt dig av dem, hur du \u00e4r som ledare och vad som driver dig samt uppgifter som framkommer i din egna motivering av varf\u00f6r du ska utses till \u00c5rets Nybyggare. F\u00f6r dig som inte \u00e4r f\u00f6dd i Sverige kommer vi \u00e4ven att behandla de uppgifter som du tillhandah\u00e5ller oss om din resa till, och f\u00f6rsta tid i, Sverige samt om hur gammal du var n\u00e4r du kom till Sverige. D\u00e4rut\u00f6ver kommer vi att behandla uppgifter om huruvida du har l\u00e4mnat ett samtycke till v\u00e5r behandling av dina personuppgifter.<\/p>\n\n\n\n<p>\u00c4ndam\u00e5let med behandlingen av personuppgifterna \u00e4r att m\u00f6jligg\u00f6ra f\u00f6r Stiftelsen IFS att kontrollera att du uppfyller kriterierna f\u00f6r nomineringsprocessen, bed\u00f6ma om du ska g\u00e5 vidare som kandidat till priset \u00c5rets Nybyggare, administrera nomineringsprocessen och inh\u00e4mta och hantera eventuella samtycken som har l\u00e4mnats av dig. Behandlingen av dina personuppgifter baseras p\u00e5 Stiftelsen IFS:s ber\u00e4ttigade intresse av att kontrollera att du uppfyller kriterierna f\u00f6r nomineringsprocessen, bed\u00f6ma om du ska g\u00e5 vidare som kandidat till priset \u00c5rets Nybyggare, administrera nomineringsprocessen och inh\u00e4mta och hantera eventuella samtycken som har l\u00e4mnats av dig.* Behandlingen av eventuella s\u00e4rskilda kategorier av personuppgifter som du tillhandah\u00e5ller oss baseras p\u00e5 ditt samtycke.<\/p>\n\n\n\n<p>F\u00f6r att g\u00f6ra bed\u00f6mningen av om du ska g\u00e5 vidare som kandidat till priset \u00c5rets Nybyggare delar Stiftelsen IFS dina personuppgifter med Tasksmith AI AB (\u201dTasksmith\u201d). Tasksmith kommer \u00e4ven att inh\u00e4mta och behandla personuppgifter om dig fr\u00e5n offentliga k\u00e4llor, inklusive av myndigheter, p\u00e5 nyhetssidor och p\u00e5 sociala medier samt fr\u00e5n offentliga och privata register. Tasksmith inh\u00e4mtar \u00e4ven kreditupplysningar p\u00e5 ditt f\u00f6retag fr\u00e5n CreditSafe, d\u00e4r dina personuppgifter kan f\u00f6rekomma. TaskSmith sammanst\u00e4ller p\u00e5 automatiserad v\u00e4g en kandidatprofil om dig (\u201dKandidatprofil\u201d) genom samtliga de personuppgifter som vi behandlar om dig och som Tasksmith har samlat in om dig. Den automatiserade sammanst\u00e4llningen av din Kandidatprofil sker genom Tasksmiths AI-verktyg. Tasksmith \u00e4r sj\u00e4lvst\u00e4ndigt personuppgiftsansvarig f\u00f6r sin insamling av dina personuppgifter och f\u00f6r den behandling av dina personuppgifter som sker genom Tasksmiths AI-verktyg. Om du vill ut\u00f6va dina r\u00e4ttigheter mot Tasksmith eller veta mer om Tasksmiths behandling av dina personuppgifter h\u00e4nvisar vi dig till Tasksmiths privacy notice p\u00e5 https:\/\/privacy.tasksmith.ai. Tasksmiths behandling av dina personuppgifter baseras p\u00e5 ditt samtycke. Om du v\u00e4ljer att inte samtycka till behandlingen av dina personuppgifter som beskrivs ovan kommer dina personuppgifter inte att behandlas. Du kommer i s\u00e5 fall inte kunna kvarst\u00e5 som kandidat till priset \u00c5rets Nybyggare. Det inneb\u00e4r att du inte har m\u00f6jlighet att utses till \u00c5rets Nybyggare.<\/p>\n\n\n\n<p>Den information som framg\u00e5r av din Kandidatprofil \u00f6verf\u00f6rs och behandlas vidare av Stiftelsen IFS i egenskap av personuppgiftsansvarig. \u00c4ndam\u00e5let med behandlingen av personuppgifterna \u00e4r att m\u00f6jligg\u00f6ra f\u00f6r Stiftelsen IFS att bed\u00f6ma om du ska g\u00e5 vidare som kandidat till priset \u00c5rets Nybyggare. Behandlingen av personuppgifterna i din Kandidatprofil baseras p\u00e5 Stiftelsen IFS:s ber\u00e4ttigade intresse av att bed\u00f6ma om du ska g\u00e5 vidare som kandidat till priset \u00c5rets Nybyggare.*<\/p>\n\n\n\n<p>Om du g\u00e5r vidare som kandidat till \u00c5rets Nybyggare kommer samtliga dina personuppgifter att forts\u00e4tta behandlas i enlighet med rubriken nedan. Om du inte g\u00e5r vidare som kandidat till \u00c5rets Nybyggare, men har valt att l\u00e4mna kompletterande information och uppfyller kraven f\u00f6r nomineringsprocessen, kommer Stiftelsen IFS att forts\u00e4tta behandla dina personuppgifter om namn, f\u00f6retag och kontaktuppgifter f\u00f6r att informera dig om \u00c5rets Nybyggare och bjuda in till evenemang, f\u00f6r att marknadsf\u00f6ra \u00c5rets Nybyggare och f\u00f6r att utv\u00e4rdera ekonomisk tillv\u00e4xt och utveckla bed\u00f6mningar enligt rubrikerna nedan. Om du inte g\u00e5r vidare som kandidat till \u00c5rets Nybyggare kommer \u00f6vriga personuppgifter om dig att raderas i samband med att det beslutas att du inte g\u00e5r vidare som kandidat.<\/p>\n\n\n\n<p>* N\u00e4r v\u00e5r behandling sker f\u00f6r \u00e4ndam\u00e5l som r\u00f6r Stiftelsen IFS:s ber\u00e4ttigade intressen har vi gjort bed\u00f6mningen att behandlingen \u00e4r n\u00f6dv\u00e4ndig och att dina intressen och\/eller r\u00e4ttigheter och friheter inte v\u00e4ger tyngre \u00e4n v\u00e5rt ber\u00e4ttigade intresse. Om du vill ta del av v\u00e5r bed\u00f6mning av v\u00e5rt ber\u00e4ttigade intresse kan du kontakta oss p\u00e5&nbsp;<a href=\"mailto:info@aretsnybyggare.se\">info@aretsnybyggare.se<\/a>.<\/p>\n\n\n\n<p style=\"text-decoration:underline\">Behandling av uppgifter f\u00f6r att utse \u00c5rets Nybyggare<\/p>\n\n\n\n<p>Om du g\u00e5r vidare som kandidat till \u00c5rets Nybyggare efter den urvalsprocess som beskrivits under rubriken ovan kommer Stiftelsen IFS att forts\u00e4tta behandla samtliga dina personuppgifter och att kalla dig till intervjuer med Stiftelsen IFS:s regionala och\/eller nationella kommitt\u00e9er. Stiftelsen IFS kan \u00e4ven komma att dela ditt namn och dina kontaktuppgifter med journalister.<\/p>\n\n\n\n<p>\u00c4ndam\u00e5let med behandlingen av dessa personuppgifter \u00e4r att m\u00f6jligg\u00f6ra f\u00f6r Stiftelsen IFS att, av de personer som har nominerats och utsetts till kandidater, utse en person som ska tilldelas priset \u00c5rets Nybyggare. \u00c4ndam\u00e5let med delningen av personuppgifter till journalister \u00e4r att marknadsf\u00f6ra priset \u00c5rets Nybyggare. Behandlingen av personuppgifterna baseras p\u00e5 Stiftelsen IFS:s ber\u00e4ttigade intresse av att utv\u00e4rdera samtliga kandidater f\u00f6r att utse en person som ska tilldelas priset \u00c5rets Nybyggare och av att marknadsf\u00f6ra priset \u00c5rets Nybyggare.*<\/p>\n\n\n\n<p>Dina personuppgifter kommer endast att behandlas f\u00f6r \u00e4ndam\u00e5len under den tidsperiod som processen f\u00f6r att utse \u00c5rets Nybyggare p\u00e5g\u00e5r. Det g\u00e4ller med undantag f\u00f6r personuppgifter om namn, f\u00f6retag och kontaktuppgifter som kommer att forts\u00e4tta behandlas f\u00f6r att informera dig om \u00c5rets Nybyggare och bjuda in till evenemang, f\u00f6r att marknadsf\u00f6ra \u00c5rets Nybyggare och f\u00f6r att utv\u00e4rdera ekonomisk tillv\u00e4xt och utveckla bed\u00f6mningar enligt rubrikerna nedan. Notera att eventuella personuppgifter best\u00e5ende av information med ett starkt allm\u00e4nintresse kan behandlas l\u00e4ngre och inte raderas efter din inv\u00e4ndning om det f\u00f6religger ett journalistiskt \u00e4ndam\u00e5l, detta g\u00e4ller exempelvis f\u00f6r publiceringar om priset och vinnare p\u00e5 hemsidor och sociala medier.<\/p>\n\n\n\n<p>* N\u00e4r v\u00e5r behandling sker f\u00f6r \u00e4ndam\u00e5l som r\u00f6r Stiftelsen IFS:s ber\u00e4ttigade intressen har vi gjort bed\u00f6mningen att behandlingen \u00e4r n\u00f6dv\u00e4ndig och att dina intressen och\/eller r\u00e4ttigheter och friheter inte v\u00e4ger tyngre \u00e4n v\u00e5rt ber\u00e4ttigade intresse. Om du vill ta del av v\u00e5r bed\u00f6mning av v\u00e5rt ber\u00e4ttigade intresse kan du kontakta oss p\u00e5&nbsp;<a href=\"mailto:info@aretsnybyggare.se\">info@aretsnybyggare.se<\/a>.<\/p>\n\n\n\n<p style=\"text-decoration:underline\">Behandling av uppgifter f\u00f6r att l\u00e4mna information och bjuda in till evenemang<\/p>\n\n\n\n<p>Om du har blivit utsedd till \u00c5rets Nybyggare eller g\u00e5tt vidare som kandidat till \u00c5rets Nybyggare, samt om du inte har g\u00e5tt vidare som kandidat till \u00c5rets Nybyggare, men har valt att l\u00e4mna kompletterande information och uppfyller kraven f\u00f6r nomineringsprocessen, kommer Stiftelsen IFS att behandla dina personuppgifter om namn, f\u00f6retag och kontaktuppgifter (adress, e-postadress, telefonnummer).<\/p>\n\n\n\n<p>\u00c4ndam\u00e5let med behandlingen \u00e4r att genom mejl kunna informera dig om Stiftelsen IFS:s verksamhet och bjuda in dig till evenemang arrangerade av Stiftelsen IFS, i syfte att marknadsf\u00f6ra Stiftelsen IFS:s verksamhet. Behandlingen av personuppgifterna baseras p\u00e5 Stiftelsen IFS:s ber\u00e4ttigade intresse av att marknadsf\u00f6ra sin verksamhet.*<\/p>\n\n\n\n<p>Personuppgifterna kommer att behandlas f\u00f6r \u00e4ndam\u00e5let under den tidsperiod som processen f\u00f6r att utse \u00c5rets Nybyggare p\u00e5g\u00e5r och under ytterligare fem \u00e5r. D\u00e4refter kommer dina personuppgifter att raderas. Om du v\u00e4ljer att avregistrera dig fr\u00e5n v\u00e5ra mejl kommer dina personuppgifter i st\u00e4llet att raderas vid en s\u00e5dan tidigare tidpunkt.<\/p>\n\n\n\n<p>* N\u00e4r v\u00e5r behandling sker f\u00f6r \u00e4ndam\u00e5l som r\u00f6r Stiftelsen IFS:s ber\u00e4ttigade intressen har vi gjort bed\u00f6mningen att behandlingen \u00e4r n\u00f6dv\u00e4ndig och att dina intressen och eller r\u00e4ttigheter och friheter inte v\u00e4ger tyngre \u00e4n v\u00e5rt ber\u00e4ttigade intresse. Om du vill ta del av v\u00e5r bed\u00f6mning av v\u00e5rt ber\u00e4ttigade intresse kan du kontakta oss p\u00e5&nbsp;<a href=\"mailto:info@aretsnybyggare.se\">info@aretsnybyggare.se<\/a>.<\/p>\n\n\n\n<p style=\"text-decoration:underline\">Behandling av uppgifter f\u00f6r att marknadsf\u00f6ra \u00c5rets Nybyggare<\/p>\n\n\n\n<p>Om du har blivit utsedd till \u00c5rets Nybyggare eller g\u00e5tt vidare som kandidat till \u00c5rets Nybyggare, samt om du inte har g\u00e5tt vidare som kandidat till \u00c5rets Nybyggare, men har valt att l\u00e4mna kompletterande information och uppfyller kraven f\u00f6r nomineringsprocessen, kommer Stiftelsen IFS att behandla dina personuppgifter om namn, f\u00f6retag och kontaktuppgifter (adress, e-postadress, telefonnummer).<\/p>\n\n\n\n<p>\u00c4ndam\u00e5let med behandlingen \u00e4r att m\u00f6jligg\u00f6ra f\u00f6r Stiftelsen IFS att marknadsf\u00f6ra och informera om priset \u00c5rets Nybyggare och prisets kandidater och vinnare p\u00e5 hemsidor, i media och p\u00e5 sociala medier. Behandlingen av dina personuppgifter baseras p\u00e5 Stiftelsen IFS:s ber\u00e4ttigade intresse av att marknadsf\u00f6ra och informera om priset \u00c5rets Nybyggare och prisets kandidater och vinnare.*<\/p>\n\n\n\n<p>Personuppgifterna kommer att raderas efter fem \u00e5r. Notera att eventuella personuppgifter best\u00e5ende av information med ett starkt allm\u00e4nintresse kan behandlas l\u00e4ngre och inte raderas efter din inv\u00e4ndning om det f\u00f6religger ett journalistiskt \u00e4ndam\u00e5l.<\/p>\n\n\n\n<p>* N\u00e4r v\u00e5r behandling sker f\u00f6r \u00e4ndam\u00e5l som r\u00f6r Stiftelsen IFS:s ber\u00e4ttigade intressen har vi gjort bed\u00f6mningen att behandlingen \u00e4r n\u00f6dv\u00e4ndig och att dina intressen och eller r\u00e4ttigheter och friheter inte v\u00e4ger tyngre \u00e4n v\u00e5rt ber\u00e4ttigade intresse. Om du vill ta del av v\u00e5r bed\u00f6mning av v\u00e5rt ber\u00e4ttigade intresse kan du kontakta oss p\u00e5&nbsp;<a href=\"mailto:info@aretsnybyggare.se\">info@aretsnybyggare.se<\/a>.<\/p>\n\n\n\n<p style=\"text-decoration:underline\">Behandling av uppgifter f\u00f6r att utv\u00e4rdera ekonomisk tillv\u00e4xt och utveckla bed\u00f6mningar<\/p>\n\n\n\n<p>Om du har blivit utsedd till \u00c5rets Nybyggare eller g\u00e5tt vidare som kandidat till \u00c5rets Nybyggare, samt om du inte har g\u00e5tt vidare som kandidat till \u00c5rets Nybyggare, men har valt att l\u00e4mna kompletterande information och uppfyller kraven f\u00f6r nomineringsprocessen, kommer Stiftelsen IFS att behandla dina personuppgifter om namn, f\u00f6retag och kontaktuppgifter (adress, e-postadress, telefonnummer).<\/p>\n\n\n\n<p>\u00c4ndam\u00e5let med behandlingen \u00e4r att m\u00f6jligg\u00f6ra f\u00f6r Stiftelsen IFS att utv\u00e4rdera den ekonomiska tillv\u00e4xten i f\u00f6retag kopplade till personer som har blivit utsedda till \u00c5rets Nybyggare eller g\u00e5tt vidare som kandidater till \u00c5rets Nybyggare, samt om de som inte har g\u00e5tt vidare som kandidater till \u00c5rets Nybyggare, men som har valt att l\u00e4mna kompletterande information och uppfyller kraven f\u00f6r nomineringsprocessen. Behandlingen av dina personuppgifter baseras p\u00e5 Stiftelsen IFS:s ber\u00e4ttigade intresse av att kontinuerligt utveckla sin bed\u00f6mning av de personer som nomineras till \u00c5rets Nybyggare.*<\/p>\n\n\n\n<p>Personuppgifterna kommer att raderas efter fem \u00e5r.<\/p>\n\n\n\n<h5 class=\"wp-block-heading\"><strong>Behandling av uppgifter om dig som \u00e4r anh\u00f6rig till en person som har blivit nominerad till <\/strong><strong>\u00c5rets Nybyggare<\/strong><\/h5>\n\n\n\n<p>Om du \u00e4r anh\u00f6rig till en person som har nominerats till \u00c5rets Nybyggare kommer Stiftelsen IFS att behandla uppgifter om ditt namn, din relation med en nominerad person, information om huruvida du \u00e4r f\u00f6rsta eller andra generationens invandrare och information om vilket land du har invandrat fr\u00e5n. Personuppgifterna samlas in fr\u00e5n den nominerade person som du \u00e4r anh\u00f6rig till.<\/p>\n\n\n\n<p>\u00c4ndam\u00e5let med behandlingen av personuppgifterna \u00e4r att ge Stiftelsen IFS ett fullgott underlag f\u00f6r att utse kandidater till \u00c5rets Nybyggare samt f\u00f6r att utse en person som ska tilldelas priset \u00c5rets Nybyggare. Behandlingen av personuppgifterna baseras p\u00e5 Stiftelsen IFS ber\u00e4ttigade intresse av att utse kandidater till \u00c5rets Nybyggare samt f\u00f6r att utse en person som ska tilldelas priset \u00c5rets Nybyggare.*<\/p>\n\n\n\n<p>Personuppgifterna kommer att raderas om den nominerade personen som du \u00e4r anh\u00f6rig till inte g\u00e5r vidare som kandidat till \u00c5rets Nybyggare. Om den nominerade personen som du \u00e4r anh\u00f6rig till g\u00e5r vidare som kandidat till \u00c5rets Nybyggare kommer dina personuppgifter att forts\u00e4tta behandlas f\u00f6r \u00e4ndam\u00e5let under den tidsperiod som processen f\u00f6r att utse \u00c5rets Nybyggare p\u00e5g\u00e5r. Den tidsperioden kommer aldrig att \u00f6verstiga ett \u00e5r fr\u00e5n det att personen i fr\u00e5ga uts\u00e5gs till kandidat. D\u00e4refter kommer dina personuppgifter att raderas.<\/p>\n\n\n\n<p>* N\u00e4r v\u00e5r behandling sker f\u00f6r \u00e4ndam\u00e5l som r\u00f6r Stiftelsen IFS:s ber\u00e4ttigade intressen har vi gjort bed\u00f6mningen att behandlingen \u00e4r n\u00f6dv\u00e4ndig och att dina intressen och\/eller r\u00e4ttigheter och friheter inte v\u00e4ger tyngre \u00e4n v\u00e5rt ber\u00e4ttigade intresse. Om du vill ta del av v\u00e5r bed\u00f6mning av v\u00e5rt ber\u00e4ttigade intresse kan du kontakta oss p\u00e5&nbsp;<a href=\"mailto:info@aretsnybyggare.se\">info@aretsnybyggare.se<\/a>.<\/p>\n\n\n\n<h5 class=\"wp-block-heading\"><strong>Vilka delar vi dina personuppgifter med?<\/strong><\/h5>\n\n\n\n<p>F\u00f6r att bedriva v\u00e5r verksamhet p\u00e5 ett effektivt och lagligt s\u00e4tt kan dina personuppgifter \u00f6verf\u00f6ras till utvalda mottagare. Dessa mottagare agerar antingen som sj\u00e4lvst\u00e4ndiga personuppgiftsansvariga eller som personuppgiftsbitr\u00e4den till Stiftelsen IFS. Samtliga personuppgifter \u00f6verf\u00f6rs till respektive mottagare med st\u00f6d av Stiftelsen IFS ber\u00e4ttigade intressen av att hantera v\u00e5r verksamhet och uppfylla indirekta f\u00f6rpliktelser.*<\/p>\n\n\n\n<p>Stiftelsen IFS \u00f6verf\u00f6r personuppgifter till f\u00f6ljande mottagare:<\/p>\n\n\n\n<p>\u25cf Tasksmith f\u00f6r hantering av nomineringssystemet, urvalsprocessen av kandidater och f\u00f6r<br>lagring av nominerade, kandidater och vinnares personuppgifter.<br>\u25cf Medarrang\u00f6rer till evenemang d\u00e5 det finns behov av tillg\u00e5ng till deltagarlistor eller andra<br>deltagare p\u00e5 evenemang har sk\u00e4l att f\u00e5 ta del av deltagarlistor.<br>\u25cf Utomst\u00e5ende tj\u00e4nsteleverant\u00f6r eller samarbetspartner som utf\u00f6r tj\u00e4nster f\u00f6r v\u00e5r r\u00e4kning, t.ex.<br>f\u00f6r att tillhandah\u00e5lla IT- eller systemtj\u00e4nster, administrativa tj\u00e4nster, eller f\u00f6r att arrangera<br>evenemang.<br>\u25cf Utomst\u00e5ende tj\u00e4nster som anv\u00e4nds d\u00e5 vi marknadsf\u00f6r v\u00e5r verksamhet p\u00e5 t.ex. v\u00e5r hemsida<br>och i sociala medier.<br>\u25cf Myndigheter f\u00f6r att efterf\u00f6lja myndighets- eller domstolsbeslut eller uppfylla lagstiftning.<br>\u25cf Relevanta tredje parter i fall d\u00e5 det kr\u00e4vs f\u00f6r att tillvarata v\u00e5ra r\u00e4ttsliga intressen.<\/p>\n\n\n\n<p>Vi och v\u00e5ra leverant\u00f6rer och samarbetspartners behandlar som huvudregel endast dina personuppgifter inom EU\/EES. Sker \u00f6verf\u00f6ring till ett land utanf\u00f6r EU\/EES f\u00f6religger antingen ett beslut fr\u00e5n kommissionen om att landet ifr\u00e5ga s\u00e4kerst\u00e4ller en adekvat skyddsniv\u00e5 eller l\u00e4mpliga skydds\u00e5tg\u00e4rder som s\u00e4kerst\u00e4ller att dina r\u00e4ttigheter skyddas i form av t.ex. standardavtalsklausuler. Du kan f\u00e5 en kopia av eventuella standardavtalsklausuler och lista \u00f6ver samtliga mottagare av dina personuppgifter genom att kontakta oss. Du hittar mer information om vilka l\u00e4nder som anses ha en \u201cadekvat skyddsniv\u00e5\u201d p\u00e5 EU-kommissionens hemsida och du kan l\u00e4sa mer om standardavtalsklausuler p\u00e5 svenska Integritetsskyddsmyndighetens hemsida.<\/p>\n\n\n\n<p>Stiftelsen IFS har IT-leverant\u00f6rer, ex. molntj\u00e4nster, som lagrar personuppgifter f\u00f6r v\u00e5r r\u00e4kning. Lagringen sker inom EU\/EES men det g\u00e5r inte att utesluta viss \u00f6verf\u00f6ring utanf\u00f6r EU\/EES till USA. Dessa IT-leverant\u00f6rer omfattas av EU:s adekvansbeslut f\u00f6r \u00f6verf\u00f6ringar mellan EU och USA.<\/p>\n\n\n\n<p>* N\u00e4r v\u00e5r behandling sker f\u00f6r \u00e4ndam\u00e5l som r\u00f6r Stiftelsen IFS:s ber\u00e4ttigade intressen har vi gjort bed\u00f6mningen att behandlingen \u00e4r n\u00f6dv\u00e4ndig och att dina intressen och\/eller r\u00e4ttigheter och friheter inte v\u00e4ger tyngre \u00e4n v\u00e5rt ber\u00e4ttigade intresse. Om du vill ta del av v\u00e5r bed\u00f6mning av v\u00e5rt ber\u00e4ttigade intresse kan du kontakta oss p\u00e5&nbsp;<a href=\"mailto:info@aretsnybyggare.se\">info@aretsnybyggare.se<\/a>.<\/p>\n\n\n\n<h5 class=\"wp-block-heading\"><strong>Vilka r\u00e4ttigheter har du?<\/strong><\/h5>\n\n\n\n<p>Du har flera r\u00e4ttigheter n\u00e4r Stiftelsen IFS behandlar personuppgifter om dig. Om du vill ut\u00f6va n\u00e5gon av de r\u00e4ttigheter som anges nedan eller om du har fr\u00e5gor som r\u00f6r v\u00e5r behandling av dina personuppgifter kan du kontakta oss p\u00e5 info@aretsnybyggare.se. Om du \u00e4r missn\u00f6jd med hur vi behandlar dina personuppgifter har du r\u00e4tt att inge klagom\u00e5l till Integritetsskyddsmyndigheten (IMY).<\/p>\n\n\n\n<p style=\"text-decoration:underline\">R\u00e4tt till tillg\u00e5ng och information<\/p>\n\n\n\n<p>Du kan beg\u00e4ra att f\u00e5 ett besked om vi behandlar personuppgifter som r\u00f6r dig och i s\u00e5 fall f\u00e5 en kopia av dessa, tillsammans med viss n\u00e4rmare information om \u00e4ndam\u00e5len med behandlingen, de kategorier av personuppgifter som behandlingen g\u00e4ller, de mottagare till vilka personuppgifterna har eller ska l\u00e4mnas ut, lagringsperioden och f\u00f6rekomsten av r\u00e4tten att beg\u00e4ra r\u00e4ttelse och radering samt att beg\u00e4ra begr\u00e4nsning och att inv\u00e4nda mot behandling. Du har \u00e4ven r\u00e4tt till information om r\u00e4tten att inge klagom\u00e5l till IMY samt om varifr\u00e5n personuppgifterna kommer, liksom om f\u00f6rekomsten av automatiserat beslutsfattande tillsammans med viss ytterligare information.<\/p>\n\n\n\n<p style=\"text-decoration:underline\">R\u00e4tt till r\u00e4ttelse<\/p>\n\n\n\n<p>Om du anser att personuppgifterna som r\u00f6r dig \u00e4r felaktiga eller ofullst\u00e4ndiga kan du beg\u00e4ra att f\u00e5 uppgifterna r\u00e4ttade eller kompletterade.<\/p>\n\n\n\n<p style=\"text-decoration:underline\">R\u00e4tt att g\u00f6ra inv\u00e4ndningar<\/p>\n\n\n\n<p>N\u00e4r vi behandlar personuppgifter med st\u00f6d av v\u00e5rt ber\u00e4ttigade intresse har du r\u00e4tt att n\u00e4r som helst inv\u00e4nda mot behandlingen. Om vi inte kan visa att det finns tvingande, ber\u00e4ttigade sk\u00e4l att forts\u00e4tta att behandla uppgifterna m\u00e5ste vi upph\u00f6ra med behandlingen. Du har ocks\u00e5 r\u00e4tt att inv\u00e4nda mot v\u00e5r behandling av personuppgifter f\u00f6r profilering. Om du inv\u00e4nder mot s\u00e5dan behandling ska vi upph\u00f6ra med behandlingen.<\/p>\n\n\n\n<p style=\"text-decoration:underline\">R\u00e4tt till radering<\/p>\n\n\n\n<p>Du har r\u00e4tt att f\u00e5 dina personuppgifter raderade om vi inte l\u00e4ngre beh\u00f6ver personuppgifterna f\u00f6r de \u00e4ndam\u00e5l som de samlades in eller behandlas f\u00f6r, om du \u00e5terkallar ditt samtycke, om du inv\u00e4nder mot behandlingen och det saknas ber\u00e4ttigade sk\u00e4l f\u00f6r fortsatt behandling, om dina personuppgifter har behandlats p\u00e5 ett olagligt s\u00e4tt eller om vi \u00e4r skyldiga enligt lag att radera dina personuppgifter.<\/p>\n\n\n\n<p style=\"text-decoration:underline\">R\u00e4tt till begr\u00e4nsning<\/p>\n\n\n\n<p>Du har i vissa fall, till exempel om du har inv\u00e4nt mot v\u00e5r behandling av dina personuppgifter, bestridit personuppgifternas korrekthet eller om personuppgiftsbehandlingen \u00e4r olaglig, m\u00f6jlighet att kr\u00e4va begr\u00e4nsning av behandlingen av dina personuppgifter. Genom att beg\u00e4ra en begr\u00e4nsning har du, i vart fall under en viss tid, m\u00f6jlighet att stoppa oss fr\u00e5n att anv\u00e4nda uppgifterna annat \u00e4n f\u00f6r att exempelvis f\u00f6rsvara r\u00e4ttsliga anspr\u00e5k. Du kan \u00e4ven hindra oss fr\u00e5n att radera uppgifterna, till exempel om du beh\u00f6ver uppgifterna f\u00f6r att kr\u00e4va skadest\u00e5nd.<\/p>\n\n\n\n<p style=\"text-decoration:underline\">R\u00e4tt att \u00e5terkalla samtycke<\/p>\n\n\n\n<p>N\u00e4r vi behandlar personuppgifter med st\u00f6d av ditt samtycke kan du n\u00e4r som helst \u00e5terkalla detta samtycke. Vi \u00e4r d\u00e5 skyldiga att med framtida verkan sluta behandla dina personuppgifter med st\u00f6d av ditt samtycke.<\/p>\n\n\n\n<p style=\"text-decoration:underline\">R\u00e4tt till dataportabilitet<\/p>\n\n\n\n<p>Du har r\u00e4tt att f\u00e5 ut dina personuppgifter i ett strukturerat, allm\u00e4nt anv\u00e4nt och maskinl\u00e4sbart format och att \u00f6verf\u00f6ra dessa till en annan personuppgiftsansvarig (dataportabilitet).<\/p>\n\n\n\n<p>Denna policy \u00e4r senast uppdaterad den 20\/3-2024..<\/p>\n\n\n\n<p>If you want to receive information about how we process your personal data in English or any other language, please contact us at info@aretsnybyggare.se.<\/p>","protected":false},"excerpt":{"rendered":"<p>Integritetspolicy Stiftelsen Internationella F\u00f6retagare i Sverige (\u201dStiftelsen IFS\u201d, \u201dvi\u201d eller \u201doss\u201d) behandlar personuppgifter om dig som skickar in en nominering till \u00c5rets Nybyggare, om dig som blir nominerad till \u00c5rets Nybyggare och om dig som \u00e4r anh\u00f6rig till en person som har blivit nominerad till \u00c5rets Nybyggare. Stiftelsen IFS \u00e4r sj\u00e4lvst\u00e4ndigt personuppgiftsansvarig f\u00f6r behandlingen av &#8230; <a title=\"Integritetspolicy\" class=\"read-more\" href=\"https:\/\/aretsnybyggare.se\/sv\/integritetspolicy\/\" aria-label=\"L\u00e4s mer om Integritetspolicy\">L\u00e4s mer<\/a><\/p>","protected":false},"author":4,"featured_media":0,"parent":0,"menu_order":0,"comment_status":"closed","ping_status":"closed","template":"","meta":{"footnotes":""},"class_list":["post-2222","page","type-page","status-publish"],"_links":{"self":[{"href":"https:\/\/aretsnybyggare.se\/sv\/wp-json\/wp\/v2\/pages\/2222"}],"collection":[{"href":"https:\/\/aretsnybyggare.se\/sv\/wp-json\/wp\/v2\/pages"}],"about":[{"href":"https:\/\/aretsnybyggare.se\/sv\/wp-json\/wp\/v2\/types\/page"}],"author":[{"embeddable":true,"href":"https:\/\/aretsnybyggare.se\/sv\/wp-json\/wp\/v2\/users\/4"}],"replies":[{"embeddable":true,"href":"https:\/\/aretsnybyggare.se\/sv\/wp-json\/wp\/v2\/comments?post=2222"}],"version-history":[{"count":3,"href":"https:\/\/aretsnybyggare.se\/sv\/wp-json\/wp\/v2\/pages\/2222\/revisions"}],"predecessor-version":[{"id":4063,"href":"https:\/\/aretsnybyggare.se\/sv\/wp-json\/wp\/v2\/pages\/2222\/revisions\/4063"}],"wp:attachment":[{"href":"https:\/\/aretsnybyggare.se\/sv\/wp-json\/wp\/v2\/media?parent=2222"}],"curies":[{"name":"wp","href":"https:\/\/api.w.org\/{rel}","templated":true}]}}