{"id":546,"date":"2024-11-27T06:02:07","date_gmt":"2024-11-27T06:02:07","guid":{"rendered":"https:\/\/aretsnybyggare.se\/?page_id=546"},"modified":"2026-04-23T06:48:42","modified_gmt":"2026-04-23T06:48:42","slug":"nomineringsprocess","status":"publish","type":"page","link":"https:\/\/aretsnybyggare.se\/sv\/nomineringsprocess\/","title":{"rendered":"Nomineringsprocess"},"content":{"rendered":"<div style=\"height:130px\" aria-hidden=\"true\" class=\"wp-block-spacer header-spacer\"><\/div>\n\n\n\n<figure class=\"wp-block-image size-full nom-image-class-cover\"><img loading=\"lazy\" decoding=\"async\" width=\"2003\" height=\"1341\" src=\"https:\/\/aretsnybyggare.se\/wp-content\/uploads\/2026\/02\/H.M.K.-Lauriates.png\" alt=\"\" class=\"wp-image-4271\" srcset=\"https:\/\/aretsnybyggare.se\/wp-content\/uploads\/2026\/02\/H.M.K.-Lauriates.png 2003w, https:\/\/aretsnybyggare.se\/wp-content\/uploads\/2026\/02\/H.M.K.-Lauriates-300x201.png 300w, https:\/\/aretsnybyggare.se\/wp-content\/uploads\/2026\/02\/H.M.K.-Lauriates-1024x686.png 1024w, https:\/\/aretsnybyggare.se\/wp-content\/uploads\/2026\/02\/H.M.K.-Lauriates-768x514.png 768w, https:\/\/aretsnybyggare.se\/wp-content\/uploads\/2026\/02\/H.M.K.-Lauriates-1536x1028.png 1536w, https:\/\/aretsnybyggare.se\/wp-content\/uploads\/2026\/02\/H.M.K.-Lauriates-18x12.png 18w\" sizes=\"(max-width: 2003px) 100vw, 2003px\" \/><\/figure>\n\n\n\n<div class=\"wp-block-group border-bottom-line sections-padding remove-default-padding\"><div class=\"wp-block-group__inner-container is-layout-constrained wp-block-group-is-layout-constrained\">\n<div class=\"wp-block-group remove-default-padding dummy-class\"><div class=\"wp-block-group__inner-container is-layout-constrained wp-block-group-is-layout-constrained\">\n<h2 class=\"wp-block-heading remove-default-padding-heading common-section-headings\" style=\"font-size:42px\">H.M. Kung Carl XVI Gustafs pris \u00c5rets Nybyggare<\/h2>\n\n\n\n<div style=\"height:12px\" aria-hidden=\"true\" class=\"wp-block-spacer\"><\/div>\n\n\n\n<p class=\"remove-default-padding-para common-paragraph enter-para-spacing\" style=\"font-style:normal;font-weight:300\">Priset \u00c5rets Nybyggare premierar duktiga entrepren\u00f6rer med utl\u00e4ndsk bakgrund.<\/p>\n\n\n\n<p class=\"remove-default-padding-para common-paragraph enter-para-spacing\">Priset hedrar, hyllar och synligg\u00f6r f\u00f6rsta och andra generationens invandrare som grundat f\u00f6retag och hen lyckats utveckla och driva ett f\u00f6retag med tillv\u00e4xtpotential.<\/p>\n\n\n\n<p class=\"remove-default-padding-para common-paragraph\" style=\"font-style:normal;font-weight:300\">Pristagarna ska vara goda f\u00f6rebilder och inspirera till entrepren\u00f6rskap.<\/p>\n\n\n\n<div style=\"height:40px\" aria-hidden=\"true\" class=\"wp-block-spacer\"><\/div>\n\n\n\n<div class=\"wp-block-buttons is-content-justification-center is-layout-flex wp-container-core-buttons-is-layout-1 wp-block-buttons-is-layout-flex\">\n<div class=\"wp-block-button has-custom-width wp-block-button__width-50 button-class is-style-outline remove-button-padding is-style-outline--67291dbc246ad001a78de1c52ab87d44\" style=\"font-style:normal;font-weight:300\"><a class=\"wp-block-button__link has-base-3-background-color has-text-color has-background has-link-color wp-element-button\" href=\"https:\/\/ifs.tasksmith.ai\/nominate\" style=\"border-radius:0px;color:#232f63\" target=\"_blank\" rel=\"noreferrer noopener\"><strong>Dags att nominera<\/strong><\/a><\/div>\n<\/div>\n<\/div><\/div>\n<\/div><\/div>\n\n\n\n<div class=\"wp-block-group border-bottom-line sections-padding remove-default-padding\"><div class=\"wp-block-group__inner-container is-layout-constrained wp-block-group-is-layout-constrained\">\n<div class=\"wp-block-group remove-default-padding dummy-class\"><div class=\"wp-block-group__inner-container is-layout-constrained wp-block-group-is-layout-constrained\">\n<h2 class=\"wp-block-heading remove-default-padding-heading common-section-headings\" style=\"font-size:42px\">Kriterier<\/h2>\n\n\n\n<div style=\"height:12px\" aria-hidden=\"true\" class=\"wp-block-spacer\"><\/div>\n\n\n\n<p class=\"remove-default-padding-para common-paragraph enter-para-spacing\" style=\"font-style:normal;font-weight:300\">Priset \u00c5rets Nybyggare premierar duktiga entrepren\u00f6rer med utl\u00e4ndsk bakgrund. \nPriset hedrar, synligg\u00f6r f\u00f6rsta och andra generationens invandrare som grundat f\u00f6retag med tillv\u00e4xtpotential.<br><br>Pristagarna ska vara goda f\u00f6rebilder och inspirera till entrepren\u00f6rskap.<br>Pristagarens f\u00f6retag ska ha varit verksamt i minst 2 \u00e5r och ha minst 4 heltidsanst\u00e4llda.<br><br>Pristagaren ska vara grundare av och ha en ledande roll i f\u00f6retaget.<br>Sex regionala kommitt\u00e9er v\u00e4ljer vardera ut tre regionala pristagare.  En nationell kommitt\u00e9 v\u00e4ljer tre vinnare av priset \u00c5rets Nybyggare<\/p>\n\n\n\n<div style=\"height:40px\" aria-hidden=\"true\" class=\"wp-block-spacer\"><\/div>\n\n\n\n<div class=\"wp-block-buttons is-content-justification-center is-layout-flex wp-container-core-buttons-is-layout-2 wp-block-buttons-is-layout-flex\">\n<div class=\"wp-block-button has-custom-width wp-block-button__width-50 button-class is-style-outline is-style-outline--7380f3664e4184650428fb3118070f08\" style=\"font-style:normal;font-weight:300\"><a class=\"wp-block-button__link has-base-3-background-color has-text-color has-background has-link-color wp-element-button\" href=\"https:\/\/ifs.tasksmith.ai\/nominate\" style=\"border-radius:0px;color:#232f63\" target=\"_blank\" rel=\"noreferrer noopener\"><strong>Dags att nominera<\/strong><\/a><\/div>\n<\/div>\n<\/div><\/div>\n<\/div><\/div>\n\n\n\n<div class=\"wp-block-group sections-padding remove-default-padding border-bottom-line\"><div class=\"wp-block-group__inner-container is-layout-constrained wp-block-group-is-layout-constrained\">\n<div class=\"wp-block-group remove-default-padding dummy-class\"><div class=\"wp-block-group__inner-container is-layout-constrained wp-block-group-is-layout-constrained\">\n<h2 class=\"wp-block-heading remove-default-padding-heading common-section-headings\" style=\"font-size:42px\">Process<\/h2>\n\n\n\n<div style=\"height:12px\" aria-hidden=\"true\" class=\"wp-block-spacer\"><\/div>\n\n\n\n<p class=\"remove-default-padding-para common-paragraph enter-para-spacing\" style=\"font-style:normal;font-weight:300\">Alla kandidater genomg\u00e5r en inledande bed\u00f6mning baserad p\u00e5 offentligt tillg\u00e4nglig information.<span style=\"color: rgb(0, 0, 0); font-size: medium; white-space-collapse: collapse;\"><\/span><\/p>\n\n\n\n<p class=\"remove-default-padding-para common-paragraph enter-para-spacing\">De mest lovande entrepren\u00f6rerna i varje region g\u00e5r vidare till en f\u00f6rdjupad process d\u00e4r deras resa, drivkraft och f\u00f6retag st\u00e5r i fokus.<\/p>\n\n\n\n<p class=\"remove-default-padding-para common-paragraph enter-para-spacing\">De regionala finalisterna granskas d\u00e4refter av PwC och bed\u00f6ms sedan av en nationell kommitt\u00e9, som utser de tre entrepren\u00f6rer som erh\u00e5ller H.M. Kung Carl XVI Gustafs pris vid en ceremoni p\u00e5 Kungliga Slottet i Stockholm.<\/p>\n\n\n\n<div style=\"height:40px\" aria-hidden=\"true\" class=\"wp-block-spacer\"><\/div>\n\n\n\n<div class=\"wp-block-buttons is-content-justification-center is-layout-flex wp-container-core-buttons-is-layout-3 wp-block-buttons-is-layout-flex\">\n<div class=\"wp-block-button has-custom-width wp-block-button__width-50 button-class is-style-outline is-style-outline--7380f3664e4184650428fb3118070f08\" style=\"font-style:normal;font-weight:300\"><a class=\"wp-block-button__link has-base-3-background-color has-text-color has-background has-link-color wp-element-button\" href=\"https:\/\/ifs.tasksmith.ai\/nominate\" style=\"border-radius:0px;color:#232f63\" target=\"_blank\" rel=\"noreferrer noopener\"><strong>Dags att nominera<\/strong><\/a><\/div>\n<\/div>\n<\/div><\/div>\n<\/div><\/div>\n\n\n\n<div class=\"wp-block-group sections-padding-without-bottom remove-default-padding\"><div class=\"wp-block-group__inner-container is-layout-constrained wp-block-group-is-layout-constrained\">\n<div class=\"wp-block-group remove-default-padding dummy-class\"><div class=\"wp-block-group__inner-container is-layout-constrained wp-block-group-is-layout-constrained\">\n<h2 class=\"wp-block-heading remove-default-padding-heading common-section-headings\" style=\"font-size:42px\">Nominating Committees<\/h2>\n\n\n\n<div style=\"height:5px\" aria-hidden=\"true\" class=\"wp-block-spacer\"><\/div>\n\n\n\n<p class=\"remove-default-padding-heading nomineeringprocess-subheading\" style=\"font-size:22px;font-style:normal;font-weight:300\"><strong>2024<\/strong><\/p>\n\n\n\n<hr class=\"wp-block-separator has-alpha-channel-opacity hr-class\"\/>\n<\/div><\/div>\n<\/div><\/div>\n\n\n\n<div class=\"wp-block-group remove-default-padding sections-padding-nomineringprocess\"><div class=\"wp-block-group__inner-container is-layout-constrained wp-block-group-is-layout-constrained\">\n<section class=\"wp-block-group  remove-default-padding about-group-padding\"><div class=\"wp-block-group__inner-container is-layout-constrained wp-block-group-is-layout-constrained\">\n<h2 class=\"wp-block-heading remove-default-padding-h nomineeringprocess-subheading-bold\" style=\"font-size:22px\">Nationella Kommitt\u00e9n<\/h2>\n\n\n\n<div style=\"height:48px\" aria-hidden=\"true\" class=\"wp-block-spacer\"><\/div>\n\n\n\n<div class=\"wp-block-group remove-default-padding nomineringskommitteer-main-sections\"><div class=\"wp-block-group__inner-container is-layout-constrained wp-block-group-is-layout-constrained\">\n<div class=\"wp-block-columns remove-margin-padding nomineringskommitteer-sections is-layout-flex wp-container-core-columns-is-layout-1 wp-block-columns-is-layout-flex\">\n<div class=\"wp-block-column is-layout-flow wp-block-column-is-layout-flow\">\n<h2 class=\"wp-block-heading set-margin nomineering-subheading\" style=\"font-size:14px\">Ordf\u00f6rande Peje Emilsson<\/h2>\n\n\n\n<p class=\"nominering-content\" style=\"font-size:13px;font-style:normal;font-weight:300\">Founder of Kreab AB and Kunskapsskolan AB<\/p>\n<\/div>\n\n\n\n<div class=\"wp-block-column is-layout-flow wp-block-column-is-layout-flow\">\n<h2 class=\"wp-block-heading set-margin nomineering-subheading\" style=\"font-size:14px\">Rafael Bermejo<\/h2>\n\n\n\n<p class=\"nominering-content\" style=\"font-size:13px;font-style:normal;font-weight:300\">Grundare av Stiftelsen IFS och \u00c5rets Nybyggare<\/p>\n<\/div>\n\n\n\n<div class=\"wp-block-column is-layout-flow wp-block-column-is-layout-flow\">\n<h2 class=\"wp-block-heading set-margin nomineering-subheading\" style=\"font-size:14px\">Alireza Etemad<\/h2>\n\n\n\n<p class=\"nominering-content\" style=\"font-size:13px;font-style:normal;font-weight:300\">Ordf\u00f6rande och grundare av Etemad Group<\/p>\n<\/div>\n<\/div>\n\n\n\n<div class=\"wp-block-columns remove-margin-padding nomineringskommitteer-sections is-layout-flex wp-container-core-columns-is-layout-2 wp-block-columns-is-layout-flex\">\n<div class=\"wp-block-column is-layout-flow wp-block-column-is-layout-flow\">\n<h2 class=\"wp-block-heading set-margin nomineering-subheading\" style=\"font-size:14px\">Mika Burman G\u00f6tz<\/h2>\n\n\n\n<p class=\"nominering-content\" style=\"font-size:13px;font-style:normal;font-weight:300\">Head Retail Banking p\u00e5 SEB<\/p>\n<\/div>\n\n\n\n<div class=\"wp-block-column is-layout-flow wp-block-column-is-layout-flow\">\n<h2 class=\"wp-block-heading set-margin nomineering-subheading\" style=\"font-size:14px\">Laura Sprechmann<\/h2>\n\n\n\n<p class=\"nominering-content\" style=\"font-size:13px;font-style:normal;font-weight:300\">Konsult och f.d. Vd Nobel Prize Outreach<\/p>\n<\/div>\n\n\n\n<div class=\"wp-block-column is-layout-flow wp-block-column-is-layout-flow\">\n<h2 class=\"wp-block-heading set-margin nomineering-subheading\" style=\"font-size:14px\">Michel Barmoro<\/h2>\n\n\n\n<p class=\"nominering-content\" style=\"font-size:13px;font-style:normal;font-weight:300\">Barmoro Law Firm<\/p>\n<\/div>\n<\/div>\n\n\n\n<div class=\"wp-block-columns remove-margin-padding nomineringskommitteer-sections is-layout-flex wp-container-core-columns-is-layout-3 wp-block-columns-is-layout-flex\">\n<div class=\"wp-block-column is-layout-flow wp-block-column-is-layout-flow\">\n<h2 class=\"wp-block-heading set-margin nomineering-subheading\" style=\"font-size:14px\">Jan Dernestam<\/h2>\n\n\n\n<p class=\"nominering-content\" style=\"font-size:13px;font-style:normal;font-weight:300\">Managing Partner p\u00e5 Mannheimer Swartling Advokatbyr\u00e5<\/p>\n<\/div>\n\n\n\n<div class=\"wp-block-column is-layout-flow wp-block-column-is-layout-flow\">\n<h2 class=\"wp-block-heading set-margin nomineering-subheading\" style=\"font-size:14px\">Sven Eggefalk<\/h2>\n\n\n\n<p class=\"nominering-content\" style=\"font-size:13px;font-style:normal;font-weight:300\">Head of Division Business &amp; Retail Banking, SEB<\/p>\n<\/div>\n\n\n\n<div class=\"wp-block-column is-layout-flow wp-block-column-is-layout-flow\">\n<h2 class=\"wp-block-heading set-margin nomineering-subheading\" style=\"font-size:14px\">Jonas Jonsson<\/h2>\n\n\n\n<p class=\"nominering-content\" style=\"font-size:13px;font-style:normal;font-weight:300\">Redaktionell inneh\u00e5llschef f\u00f6r BNB Sverige AB<\/p>\n<\/div>\n<\/div>\n<\/div><\/div>\n<\/div><\/section>\n\n\n\n<hr class=\"wp-block-separator has-alpha-channel-opacity hr-class\"\/>\n\n\n\n<section class=\"wp-block-group remove-default-padding about-group-padding\"><div class=\"wp-block-group__inner-container is-layout-constrained wp-block-group-is-layout-constrained\">\n<h2 class=\"wp-block-heading remove-default-padding-h nomineeringprocess-subheading-bold\" style=\"font-size:22px\">Regionala Nomineringskommitt\u00e9er<\/h2>\n\n\n\n<div style=\"height:60px\" aria-hidden=\"true\" class=\"wp-block-spacer\"><\/div>\n\n\n\n<h2 class=\"wp-block-heading remove-default-padding-h nomineeringprocess-subheading-bold\" style=\"font-size:22px\">NORR<\/h2>\n\n\n\n<div style=\"height:48px\" aria-hidden=\"true\" class=\"wp-block-spacer\"><\/div>\n\n\n\n<div class=\"wp-block-group remove-default-padding nomineringskommitteer-main-sections\"><div class=\"wp-block-group__inner-container is-layout-constrained wp-block-group-is-layout-constrained\">\n<div class=\"wp-block-columns remove-margin-padding nomineringskommitteer-sections is-layout-flex wp-container-core-columns-is-layout-4 wp-block-columns-is-layout-flex\">\n<div class=\"wp-block-column is-layout-flow wp-block-column-is-layout-flow\">\n<h2 class=\"wp-block-heading set-margin nomineering-subheading\" style=\"font-size:14px\">Martin \u00c4rlestig<\/h2>\n\n\n\n<p class=\"nominering-content\" style=\"font-size:13px;font-style:normal;font-weight:300\">Senior konsult Mac AB<\/p>\n<\/div>\n\n\n\n<div class=\"wp-block-column is-layout-flow wp-block-column-is-layout-flow\">\n<h2 class=\"wp-block-heading set-margin nomineering-subheading\" style=\"font-size:14px\">Giselle Abbas<\/h2>\n\n\n\n<p class=\"nominering-content\" style=\"font-size:13px;font-style:normal;font-weight:300\">Grundare MonosMind AB<\/p>\n<\/div>\n\n\n\n<div class=\"wp-block-column is-layout-flow wp-block-column-is-layout-flow\">\n<h2 class=\"wp-block-heading set-margin nomineering-subheading\" style=\"font-size:14px\">H\u00e5kan Jonsson<\/h2>\n\n\n\n<p class=\"nominering-content\" style=\"font-size:13px;font-style:normal;font-weight:300\">Kontorschef PwC Ume\u00e5<\/p>\n<\/div>\n<\/div>\n\n\n\n<div class=\"wp-block-columns remove-margin-padding nomineringskommitteer-sections is-layout-flex wp-container-core-columns-is-layout-5 wp-block-columns-is-layout-flex\">\n<div class=\"wp-block-column is-layout-flow wp-block-column-is-layout-flow\">\n<h2 class=\"wp-block-heading set-margin nomineering-subheading\" style=\"font-size:14px\">Jane Axelsson<\/h2>\n\n\n\n<p class=\"nominering-content-zero-padding\" style=\"font-size:13px;font-style:normal;font-weight:300\">Kontorschef SEB Ume\u00e5<\/p>\n<\/div>\n\n\n\n<div class=\"wp-block-column is-layout-flow wp-block-column-is-layout-flow\">\n<h2 class=\"wp-block-heading set-margin nomineering-subheading\" style=\"font-size:14px\">Emma F\u00e4llman&nbsp;<\/h2>\n\n\n\n<p class=\"nominering-content-zero-padding\" style=\"font-size:13px;font-style:normal;font-weight:300\">Advokat &amp; Grundare F\u00e4llman Advokatbyr\u00e5<\/p>\n<\/div>\n\n\n\n<div class=\"wp-block-column is-layout-flow wp-block-column-is-layout-flow\"><\/div>\n<\/div>\n<\/div><\/div>\n<\/div><\/section>\n\n\n\n<hr class=\"wp-block-separator has-alpha-channel-opacity hr-class\"\/>\n\n\n\n<section class=\"wp-block-group remove-default-padding about-group-padding\"><div class=\"wp-block-group__inner-container is-layout-constrained wp-block-group-is-layout-constrained\">\n<h2 class=\"wp-block-heading remove-default-padding-h nomineeringprocess-subheading-bold\" style=\"font-size:22px\">STOCKHOLM<\/h2>\n\n\n\n<div style=\"height:48px\" aria-hidden=\"true\" class=\"wp-block-spacer\"><\/div>\n\n\n\n<div class=\"wp-block-group remove-default-padding nomineringskommitteer-main-sections\"><div class=\"wp-block-group__inner-container is-layout-constrained wp-block-group-is-layout-constrained\">\n<div class=\"wp-block-columns remove-margin-padding nomineringskommitteer-sections is-layout-flex wp-container-core-columns-is-layout-6 wp-block-columns-is-layout-flex\">\n<div class=\"wp-block-column is-layout-flow wp-block-column-is-layout-flow\">\n<h2 class=\"wp-block-heading set-margin nomineering-subheading\" style=\"font-size:14px\">Ordf\u00f6rande Bj\u00f6rn Weigel<\/h2>\n\n\n\n<p class=\"nominering-content\" style=\"font-size:13px;font-style:normal;font-weight:300\">Medgrundare C-Resiliens AB<\/p>\n<\/div>\n\n\n\n<div class=\"wp-block-column is-layout-flow wp-block-column-is-layout-flow\">\n<h2 class=\"wp-block-heading set-margin nomineering-subheading\" style=\"font-size:14px\">Carl- Henrik Koit<\/h2>\n\n\n\n<p class=\"nominering-content\" style=\"font-size:13px;font-style:normal;font-weight:300\">VD Almi Stockholm S\u00f6rmland AB<\/p>\n<\/div>\n\n\n\n<div class=\"wp-block-column is-layout-flow wp-block-column-is-layout-flow\">\n<h2 class=\"wp-block-heading set-margin nomineering-subheading\" style=\"font-size:14px\">Eva Fors\u00e9n-Ingers<\/h2>\n\n\n\n<p class=\"nominering-content\" style=\"font-size:13px;font-style:normal;font-weight:300\">Venture Catalyst<\/p>\n<\/div>\n<\/div>\n\n\n\n<div class=\"wp-block-columns remove-margin-padding nomineringskommitteer-sections is-layout-flex wp-container-core-columns-is-layout-7 wp-block-columns-is-layout-flex\">\n<div class=\"wp-block-column is-layout-flow wp-block-column-is-layout-flow\">\n<h2 class=\"wp-block-heading set-margin nomineering-subheading\" style=\"font-size:14px\">Shervin Razani<\/h2>\n\n\n\n<p class=\"nominering-content-zero-padding\" style=\"font-size:13px;font-style:normal;font-weight:300\">Grundare Jurek AB<\/p>\n<\/div>\n\n\n\n<div class=\"wp-block-column is-layout-flow wp-block-column-is-layout-flow\">\n<h2 class=\"wp-block-heading set-margin nomineering-subheading\" style=\"font-size:14px\">Hanna Wrang Sj\u00f6<\/h2>\n\n\n\n<p class=\"nominering-content-zero-padding\" style=\"font-size:13px;font-style:normal;font-weight:300\">Distriktschef Stockholm SEB<\/p>\n<\/div>\n\n\n\n<div class=\"wp-block-column is-layout-flow wp-block-column-is-layout-flow\">\n<h2 class=\"wp-block-heading set-margin nomineering-subheading\" style=\"font-size:14px\">Erik Wallstedt<\/h2>\n\n\n\n<p class=\"nominering-content\" style=\"font-size:13px;font-style:normal;font-weight:300\">Chef Aff\u00e4rsutveckling, PwC<\/p>\n<\/div>\n<\/div>\n\n\n\n<div class=\"wp-block-columns remove-margin-padding nomineringskommitteer-sections is-layout-flex wp-container-core-columns-is-layout-8 wp-block-columns-is-layout-flex\">\n<div class=\"wp-block-column is-layout-flow wp-block-column-is-layout-flow\">\n<h2 class=\"wp-block-heading set-margin nomineering-subheading\" style=\"font-size:14px\">Nicky Nadem<\/h2>\n\n\n\n<p class=\"nominering-content\" style=\"font-size:13px;font-style:normal;font-weight:300\">Grundare AtrimusRx AB<\/p>\n<\/div>\n\n\n\n<div class=\"wp-block-column hidden-blocks is-layout-flow wp-block-column-is-layout-flow\"><\/div>\n\n\n\n<div class=\"wp-block-column hidden-blocks is-layout-flow wp-block-column-is-layout-flow\"><\/div>\n<\/div>\n<\/div><\/div>\n<\/div><\/section>\n\n\n\n<hr class=\"wp-block-separator has-alpha-channel-opacity hr-class\"\/>\n\n\n\n<section class=\"wp-block-group remove-default-padding about-group-padding\"><div class=\"wp-block-group__inner-container is-layout-constrained wp-block-group-is-layout-constrained\">\n<h2 class=\"wp-block-heading remove-default-padding-h nomineeringprocess-subheading-bold\" style=\"font-size:22px\">M\u00c4LARDALEN<\/h2>\n\n\n\n<div style=\"height:48px\" aria-hidden=\"true\" class=\"wp-block-spacer\"><\/div>\n\n\n\n<div class=\"wp-block-group remove-default-padding nomineringskommitteer-main-sections\"><div class=\"wp-block-group__inner-container is-layout-constrained wp-block-group-is-layout-constrained\">\n<div class=\"wp-block-columns remove-margin-padding nomineringskommitteer-sections is-layout-flex wp-container-core-columns-is-layout-9 wp-block-columns-is-layout-flex\">\n<div class=\"wp-block-column is-layout-flow wp-block-column-is-layout-flow\">\n<h2 class=\"wp-block-heading set-margin nomineering-subheading\" style=\"font-size:14px\">Ordf\u00f6rande Simona Hef<\/h2>\n\n\n\n<p class=\"nominering-content\" style=\"font-size:13px;font-style:normal;font-weight:300\">Strategisk konsult Provida AB<\/p>\n<\/div>\n\n\n\n<div class=\"wp-block-column is-layout-flow wp-block-column-is-layout-flow\">\n<h2 class=\"wp-block-heading set-margin nomineering-subheading\" style=\"font-size:14px\">Emma Karlsson<\/h2>\n\n\n\n<p class=\"nominering-content\" style=\"font-size:13px;font-style:normal;font-weight:300\">Auktoriserad revisor PWC Sverige<\/p>\n<\/div>\n\n\n\n<div class=\"wp-block-column is-layout-flow wp-block-column-is-layout-flow\">\n<h2 class=\"wp-block-heading set-margin nomineering-subheading\" style=\"font-size:14px\">Goran Randusi<\/h2>\n\n\n\n<p class=\"nominering-content\" style=\"font-size:13px;font-style:normal;font-weight:300\">Grundare Rojan Food AB<\/p>\n<\/div>\n<\/div>\n\n\n\n<div class=\"wp-block-columns remove-margin-padding nomineringskommitteer-sections is-layout-flex wp-container-core-columns-is-layout-10 wp-block-columns-is-layout-flex\">\n<div class=\"wp-block-column is-layout-flow wp-block-column-is-layout-flow\">\n<h2 class=\"wp-block-heading set-margin nomineering-subheading\" style=\"font-size:14px\">Per Karlsson<\/h2>\n\n\n\n<p class=\"nominering-content\" style=\"font-size:13px;font-style:normal;font-weight:300\">Chef SEB V\u00e4ster\u00e5s<\/p>\n<\/div>\n\n\n\n<div class=\"wp-block-column is-layout-flow wp-block-column-is-layout-flow\">\n<h2 class=\"wp-block-heading set-margin nomineering-subheading\" style=\"font-size:14px\">Urban Wallin<\/h2>\n\n\n\n<p class=\"nominering-content\" style=\"font-size:13px;font-style:normal;font-weight:300\">Verksamhetsledare Nyf\u00f6retagarCentrum Eskilstuna<\/p>\n<\/div>\n\n\n\n<div class=\"wp-block-column is-layout-flow wp-block-column-is-layout-flow\">\n<h2 class=\"wp-block-heading set-margin nomineering-subheading\" style=\"font-size:14px\">Anna-Lena Danielsson<\/h2>\n\n\n\n<p class=\"nominering-content\" style=\"font-size:13px;font-style:normal;font-weight:300\">Grundare Ald Consulting AB<\/p>\n<\/div>\n<\/div>\n\n\n\n<div class=\"wp-block-columns remove-margin-padding nomineringskommitteer-sections is-layout-flex wp-container-core-columns-is-layout-11 wp-block-columns-is-layout-flex\">\n<div class=\"wp-block-column is-layout-flow wp-block-column-is-layout-flow\">\n<h2 class=\"wp-block-heading set-margin nomineering-subheading\" style=\"font-size:14px\">Viktor Garmiani<\/h2>\n\n\n\n<p class=\"nominering-content\" style=\"font-size:13px;font-style:normal;font-weight:300\">Grundare Candles Scandinavia AB<\/p>\n<\/div>\n\n\n\n<div class=\"wp-block-column hidden-blocks is-layout-flow wp-block-column-is-layout-flow\"><\/div>\n\n\n\n<div class=\"wp-block-column hidden-blocks is-layout-flow wp-block-column-is-layout-flow\"><\/div>\n<\/div>\n<\/div><\/div>\n<\/div><\/section>\n\n\n\n<hr class=\"wp-block-separator has-alpha-channel-opacity hr-class\"\/>\n\n\n\n<section class=\"wp-block-group remove-default-padding about-group-padding\"><div class=\"wp-block-group__inner-container is-layout-constrained wp-block-group-is-layout-constrained\">\n<h2 class=\"wp-block-heading remove-default-padding-h nomineeringprocess-subheading-bold\" style=\"font-size:22px\">MITT<\/h2>\n\n\n\n<div style=\"height:48px\" aria-hidden=\"true\" class=\"wp-block-spacer\"><\/div>\n\n\n\n<div class=\"wp-block-group remove-default-padding nomineringskommitteer-main-sections\"><div class=\"wp-block-group__inner-container is-layout-constrained wp-block-group-is-layout-constrained\">\n<div class=\"wp-block-columns remove-margin-padding nomineringskommitteer-sections is-layout-flex wp-container-core-columns-is-layout-12 wp-block-columns-is-layout-flex\">\n<div class=\"wp-block-column is-layout-flow wp-block-column-is-layout-flow\">\n<h2 class=\"wp-block-heading set-margin nomineering-subheading\" style=\"font-size:14px\">Ordf\u00f6rande Eddy Wallin<\/h2>\n\n\n\n<p class=\"nominering-content\" style=\"font-size:13px;font-style:normal;font-weight:300\">Grundare ED Gruppen AB<\/p>\n<\/div>\n\n\n\n<div class=\"wp-block-column is-layout-flow wp-block-column-is-layout-flow\">\n<h2 class=\"wp-block-heading set-margin nomineering-subheading\" style=\"font-size:14px\">Elin von der Lanken<\/h2>\n\n\n\n<p class=\"nominering-content\" style=\"font-size:13px;font-style:normal;font-weight:300\">Vice VD &amp; aff\u00e4rsomr\u00e5deschef p\u00e5 Skill<\/p>\n<\/div>\n\n\n\n<div class=\"wp-block-column is-layout-flow wp-block-column-is-layout-flow\">\n<h2 class=\"wp-block-heading set-margin nomineering-subheading\" style=\"font-size:14px\">Ellen Danielsson<\/h2>\n\n\n\n<p class=\"nominering-content\" style=\"font-size:13px;font-style:normal;font-weight:300\">H\u00e5llbarhetsansvarig, PwC Sverige<\/p>\n<\/div>\n<\/div>\n\n\n\n<div class=\"wp-block-columns remove-margin-padding nomineringskommitteer-sections is-layout-flex wp-container-core-columns-is-layout-13 wp-block-columns-is-layout-flex\">\n<div class=\"wp-block-column is-layout-flow wp-block-column-is-layout-flow\">\n<h2 class=\"wp-block-heading set-margin nomineering-subheading\" style=\"font-size:14px\">Hake Feka<\/h2>\n\n\n\n<p class=\"nominering-content\" style=\"font-size:13px;font-style:normal;font-weight:300\">Grundare Jurediq AB<\/p>\n<\/div>\n\n\n\n<div class=\"wp-block-column is-layout-flow wp-block-column-is-layout-flow\">\n<h2 class=\"wp-block-heading set-margin nomineering-subheading\" style=\"font-size:14px\">Samuel Gergin<\/h2>\n\n\n\n<p class=\"nominering-content\" style=\"font-size:13px;font-style:normal;font-weight:300\">Mecide Group AB<\/p>\n<\/div>\n\n\n\n<div class=\"wp-block-column is-layout-flow wp-block-column-is-layout-flow\">\n<h2 class=\"wp-block-heading set-margin nomineering-subheading\" style=\"font-size:14px\">Sanjay Joshi<\/h2>\n\n\n\n<p class=\"nominering-content\" style=\"font-size:13px;font-style:normal;font-weight:300\">Grundare Sm\u00e5l\u00e4ndska hem AB<\/p>\n<\/div>\n<\/div>\n\n\n\n<div class=\"wp-block-columns remove-margin-padding nomineringskommitteer-sections is-layout-flex wp-container-core-columns-is-layout-14 wp-block-columns-is-layout-flex\">\n<div class=\"wp-block-column is-layout-flow wp-block-column-is-layout-flow\">\n<h2 class=\"wp-block-heading set-margin nomineering-subheading\" style=\"font-size:14px\">Camilla Karlson<\/h2>\n\n\n\n<p class=\"nominering-content-zero-padding\" style=\"font-size:13px;font-style:normal;font-weight:300\">Kontorschef SEB Norrk\u00f6ping<\/p>\n<\/div>\n\n\n\n<div class=\"wp-block-column is-layout-flow wp-block-column-is-layout-flow\">\n<h2 class=\"wp-block-heading set-margin nomineering-subheading\" style=\"font-size:14px\">Mia Bourgeois<\/h2>\n\n\n\n<p class=\"nominering-content-zero-padding\" style=\"font-size:13px;font-style:normal;font-weight:300\">VD, Excelsior Development Ltd<\/p>\n<\/div>\n\n\n\n<div class=\"wp-block-column hidden-blocks is-layout-flow wp-block-column-is-layout-flow\"><\/div>\n<\/div>\n<\/div><\/div>\n<\/div><\/section>\n\n\n\n<hr class=\"wp-block-separator has-alpha-channel-opacity hr-class\"\/>\n\n\n\n<section class=\"wp-block-group remove-default-padding about-group-padding\"><div class=\"wp-block-group__inner-container is-layout-constrained wp-block-group-is-layout-constrained\">\n<h2 class=\"wp-block-heading remove-default-padding-h nomineeringprocess-subheading-bold\" style=\"font-size:22px\">V\u00c4ST<\/h2>\n\n\n\n<div style=\"height:48px\" aria-hidden=\"true\" class=\"wp-block-spacer\"><\/div>\n\n\n\n<div class=\"wp-block-group remove-default-padding nomineringskommitteer-main-sections\"><div class=\"wp-block-group__inner-container is-layout-constrained wp-block-group-is-layout-constrained\">\n<div class=\"wp-block-columns remove-margin-padding nomineringskommitteer-sections is-layout-flex wp-container-core-columns-is-layout-15 wp-block-columns-is-layout-flex\">\n<div class=\"wp-block-column is-layout-flow wp-block-column-is-layout-flow\">\n<h2 class=\"wp-block-heading set-margin nomineering-subheading\" style=\"font-size:14px\">Ordf\u00f6rande&nbsp; Ulf Johanson<\/h2>\n\n\n\n<p class=\"nominering-content\" style=\"font-size:13px;font-style:normal;font-weight:300\">Grundare Attentus AB<\/p>\n<\/div>\n\n\n\n<div class=\"wp-block-column is-layout-flow wp-block-column-is-layout-flow\">\n<h2 class=\"wp-block-heading set-margin nomineering-subheading\" style=\"font-size:14px\">Camille Chebli<\/h2>\n\n\n\n<p class=\"nominering-content\" style=\"font-size:13px;font-style:normal;font-weight:300\">F\u00f6retagsr\u00e5dgivare ALMI<\/p>\n<\/div>\n\n\n\n<div class=\"wp-block-column is-layout-flow wp-block-column-is-layout-flow\">\n<h2 class=\"wp-block-heading set-margin nomineering-subheading\" style=\"font-size:14px\">Batoul Raad<\/h2>\n\n\n\n<p class=\"nominering-content\" style=\"font-size:13px;font-style:normal;font-weight:300\">Grundare Bee Company AB<\/p>\n<\/div>\n<\/div>\n\n\n\n<div class=\"wp-block-columns remove-margin-padding nomineringskommitteer-sections is-layout-flex wp-container-core-columns-is-layout-16 wp-block-columns-is-layout-flex\">\n<div class=\"wp-block-column is-layout-flow wp-block-column-is-layout-flow\">\n<h2 class=\"wp-block-heading set-margin nomineering-subheading\" style=\"font-size:14px\">Hector Martinez<\/h2>\n\n\n\n<p class=\"nominering-content\" style=\"font-size:13px;font-style:normal;font-weight:300\">Medgrundare och CTO, Aventix AB<\/p>\n<\/div>\n\n\n\n<div class=\"wp-block-column is-layout-flow wp-block-column-is-layout-flow\">\n<h2 class=\"wp-block-heading set-margin nomineering-subheading\" style=\"font-size:14px\">Klementina \u00d6sterberg<\/h2>\n\n\n\n<p class=\"nominering-content\" style=\"font-size:13px;font-style:normal;font-weight:300\">VD GU Ventures<\/p>\n<\/div>\n\n\n\n<div class=\"wp-block-column is-layout-flow wp-block-column-is-layout-flow\">\n<h2 class=\"wp-block-heading set-margin nomineering-subheading\" style=\"font-size:14px\">Karin Ekman<\/h2>\n\n\n\n<p class=\"nominering-content\" style=\"font-size:13px;font-style:normal;font-weight:300\">Skatter\u00e5dgivare PwC<\/p>\n<\/div>\n<\/div>\n\n\n\n<div class=\"wp-block-columns remove-margin-padding nomineringskommitteer-sections is-layout-flex wp-container-core-columns-is-layout-17 wp-block-columns-is-layout-flex\">\n<div class=\"wp-block-column is-layout-flow wp-block-column-is-layout-flow\">\n<h2 class=\"wp-block-heading set-margin nomineering-subheading\" style=\"font-size:14px\">Zaid Saeed<\/h2>\n\n\n\n<p class=\"nominering-content-zero-padding\" style=\"font-size:13px;font-style:normal;font-weight:300\">Grundare och VD, Scalinq AB<\/p>\n<\/div>\n\n\n\n<div class=\"wp-block-column is-layout-flow wp-block-column-is-layout-flow\">\n<h2 class=\"wp-block-heading has-text-align-left set-margin nomineering-subheading\" style=\"font-size:14px\">Annika Negrin B\u00f6rjesson<\/h2>\n\n\n\n<p class=\"has-text-align-left nominering-content-zero-padding\" style=\"font-size:13px;font-style:normal;font-weight:300\">Kontorschef SEB \u2013 G\u00f6teborg<\/p>\n<\/div>\n\n\n\n<div class=\"wp-block-column hidden-blocks is-layout-flow wp-block-column-is-layout-flow\">\n<h2 class=\"wp-block-heading\" style=\"font-size:16px\"><br><\/h2>\n<\/div>\n<\/div>\n<\/div><\/div>\n<\/div><\/section>\n\n\n\n<hr class=\"wp-block-separator has-alpha-channel-opacity hr-class\"\/>\n\n\n\n<section class=\"wp-block-group remove-default-padding about-group-padding\"><div class=\"wp-block-group__inner-container is-layout-constrained wp-block-group-is-layout-constrained\">\n<h2 class=\"wp-block-heading remove-default-padding-h nomineeringprocess-subheading-bold\" style=\"font-size:22px\">SYD<\/h2>\n\n\n\n<div style=\"height:48px\" aria-hidden=\"true\" class=\"wp-block-spacer\"><\/div>\n\n\n\n<div class=\"wp-block-group remove-default-padding nomineringskommitteer-main-sections\"><div class=\"wp-block-group__inner-container is-layout-constrained wp-block-group-is-layout-constrained\">\n<div class=\"wp-block-columns remove-margin-padding nomineringskommitteer-sections is-layout-flex wp-container-core-columns-is-layout-18 wp-block-columns-is-layout-flex\">\n<div class=\"wp-block-column is-layout-flow wp-block-column-is-layout-flow\">\n<h2 class=\"wp-block-heading set-margin nomineering-subheading\" style=\"font-size:14px\">Ordf\u00f6rande Rami Almudafar<\/h2>\n\n\n\n<p class=\"nominering-content\" style=\"font-size:13px;font-style:normal;font-weight:300\">Partner och fondf\u00f6rvaltare, BLING Capital<\/p>\n<\/div>\n\n\n\n<div class=\"wp-block-column is-layout-flow wp-block-column-is-layout-flow\">\n<h2 class=\"wp-block-heading set-margin nomineering-subheading\" style=\"font-size:14px\">Istvan Beres<\/h2>\n\n\n\n<p class=\"nominering-content\" style=\"font-size:13px;font-style:normal;font-weight:300\">Grundare och VD Danads AB<\/p>\n<\/div>\n\n\n\n<div class=\"wp-block-column is-layout-flow wp-block-column-is-layout-flow\">\n<h2 class=\"wp-block-heading set-margin nomineering-subheading\" style=\"font-size:14px\">Charlotte Ljung<\/h2>\n\n\n\n<p class=\"nominering-content\" style=\"font-size:13px;font-style:normal;font-weight:300\">Grundare och VD Endbright AB<\/p>\n<\/div>\n<\/div>\n\n\n\n<div class=\"wp-block-columns remove-margin-padding nomineringskommitteer-sections is-layout-flex wp-container-core-columns-is-layout-19 wp-block-columns-is-layout-flex\">\n<div class=\"wp-block-column is-layout-flow wp-block-column-is-layout-flow\">\n<h2 class=\"wp-block-heading set-margin nomineering-subheading\" style=\"font-size:14px\">My Lid\u00e9n<\/h2>\n\n\n\n<p class=\"nominering-content\" style=\"font-size:13px;font-style:normal;font-weight:300\">Entrepreneurial &amp; Private Business Leader, PwC<\/p>\n<\/div>\n\n\n\n<div class=\"wp-block-column is-layout-flow wp-block-column-is-layout-flow\">\n<h2 class=\"wp-block-heading set-margin nomineering-subheading\" style=\"font-size:14px\">Rami Almudafar<\/h2>\n\n\n\n<p class=\"nominering-content\" style=\"font-size:13px;font-style:normal;font-weight:300\">Partner &amp; Fund Manager, BLING Capital<\/p>\n<\/div>\n\n\n\n<div class=\"wp-block-column is-layout-flow wp-block-column-is-layout-flow\">\n<h2 class=\"wp-block-heading set-margin nomineering-subheading\" style=\"font-size:14px\">Marie Nolander<\/h2>\n\n\n\n<p class=\"nominering-content\" style=\"font-size:13px;font-style:normal;font-weight:300\">F\u00f6retagsmarknadschef SEB<\/p>\n<\/div>\n<\/div>\n\n\n\n<div class=\"wp-block-columns remove-margin-padding nomineringskommitteer-sections is-layout-flex wp-container-core-columns-is-layout-20 wp-block-columns-is-layout-flex\">\n<div class=\"wp-block-column is-layout-flow wp-block-column-is-layout-flow\">\n<h2 class=\"wp-block-heading set-margin nomineering-subheading\" style=\"font-size:14px\">Filip Bucin<\/h2>\n\n\n\n<p class=\"nominering-content\" style=\"font-size:13px;font-style:normal;font-weight:300\">Advokat och partner MAQS Advokatbyr\u00e5<\/p>\n<\/div>\n\n\n\n<div class=\"wp-block-column hidden-blocks is-layout-flow wp-block-column-is-layout-flow\"><\/div>\n\n\n\n<div class=\"wp-block-column hidden-blocks is-layout-flow wp-block-column-is-layout-flow\"><\/div>\n<\/div>\n<\/div><\/div>\n<\/div><\/section>\n\n\n\n<div style=\"height:8px\" aria-hidden=\"true\" class=\"wp-block-spacer\"><\/div>\n<\/div><\/div>","protected":false},"excerpt":{"rendered":"<p>H.M. King Carl XVI Gustaf&#8217;s Award \u2013 \u00c5rets Nybyggare of the Year The Award recognizes talented entrepreneurs with a foreign background. The award honors, celebrates and highlights immigrants who have founded businesses and have succeeded in developing and running a business with growth potential. The award recipients are to be good role models and inspire &#8230; <a title=\"Nomineringsprocess\" class=\"read-more\" href=\"https:\/\/aretsnybyggare.se\/sv\/nomineringsprocess\/\" aria-label=\"L\u00e4s mer om Nomineringsprocess\">L\u00e4s mer<\/a><\/p>","protected":false},"author":1,"featured_media":0,"parent":0,"menu_order":0,"comment_status":"closed","ping_status":"closed","template":"","meta":{"footnotes":""},"class_list":["post-546","page","type-page","status-publish"],"_links":{"self":[{"href":"https:\/\/aretsnybyggare.se\/sv\/wp-json\/wp\/v2\/pages\/546"}],"collection":[{"href":"https:\/\/aretsnybyggare.se\/sv\/wp-json\/wp\/v2\/pages"}],"about":[{"href":"https:\/\/aretsnybyggare.se\/sv\/wp-json\/wp\/v2\/types\/page"}],"author":[{"embeddable":true,"href":"https:\/\/aretsnybyggare.se\/sv\/wp-json\/wp\/v2\/users\/1"}],"replies":[{"embeddable":true,"href":"https:\/\/aretsnybyggare.se\/sv\/wp-json\/wp\/v2\/comments?post=546"}],"version-history":[{"count":44,"href":"https:\/\/aretsnybyggare.se\/sv\/wp-json\/wp\/v2\/pages\/546\/revisions"}],"predecessor-version":[{"id":4477,"href":"https:\/\/aretsnybyggare.se\/sv\/wp-json\/wp\/v2\/pages\/546\/revisions\/4477"}],"wp:attachment":[{"href":"https:\/\/aretsnybyggare.se\/sv\/wp-json\/wp\/v2\/media?parent=546"}],"curies":[{"name":"wp","href":"https:\/\/api.w.org\/{rel}","templated":true}]}}